{"id":1223,"date":"2023-11-25T09:17:18","date_gmt":"2023-11-25T13:17:18","guid":{"rendered":"https:\/\/puntadelgallo.cl\/?page_id=1223"},"modified":"2024-07-13T11:37:01","modified_gmt":"2024-07-13T15:37:01","slug":"marcha-blanca-del-nuevo-sistema-de-acceso","status":"publish","type":"page","link":"https:\/\/puntadelgallo.cl\/index.php\/marcha-blanca-del-nuevo-sistema-de-acceso\/","title":{"rendered":"Marcha blanca del nuevo sistema de acceso"},"content":{"rendered":"\n<p>La directiva ha enviado el siguiente mensaje a todos los residentes:<\/p>\n\n\n\n<p>Estimadas\/os vecinas\/os,<\/p>\n\n\n\n<p>Si est\u00e1s recibiendo este mensaje es porque nos enviaste tus datos para incluirte en el registro del nuevo sistema de control de acceso, y te tenemos buenas noticias: <strong>a partir del 1\u00b0 de diciembre estaremos iniciando la marcha blanca de nuestro sistema. <\/strong>A partir de esta fecha podr\u00e1s entrar y salir utilizando el c\u00f3digo QR ubicado en el dorso de tu carnet de identidad. Para tener m\u00e1s autonom\u00eda, cada residente podr\u00e1 agregar sus visitas, constructores, proveedores y arrendatarios, utilizando una aplicaci\u00f3n&nbsp;para el celular.<\/p>\n\n\n\n<p>Los proveedores que actualmente est\u00e1n registrados, y por lo tanto no requieren m\u00e1s gesti\u00f3n, son:<\/p>\n\n\n\n<figure class=\"wp-block-table is-style-stripes has-small-font-size\"><table><thead><tr><th>Rubro<\/th><th>Nombre<\/th><\/tr><\/thead><tbody><tr><td>Aseos y mantenci\u00f3n de casas<\/td><td>Alex Vera Perez<\/td><\/tr><tr><td>Electricista<\/td><td>Enzo Cort\u00e9s<\/td><\/tr><tr><td>Carpinter\u00eda y jardiner\u00eda<\/td><td>Rub\u00e9n Concha Carrasco<\/td><\/tr><tr><td>Construcci\u00f3n<\/td><td>Alex Gaete Toro<\/td><\/tr><tr><td>Construcci\u00f3n<\/td><td>Rub\u00e9n Antonio Concha Brito<\/td><\/tr><tr><td>Agua y \u00e1ridos<\/td><td>Carlos Alejandro Araya Hormaz\u00e1bal<\/td><\/tr><tr><td>Construcci\u00f3n<\/td><td>Jos\u00e9 Eduardo G\u00f3mez San Martin<\/td><\/tr><tr><td>Construcci\u00f3n<\/td><td>Jos\u00e9 Angel G\u00f3mez Fuentes<\/td><\/tr><tr><td>Agua<\/td><td>Claudia Isabel \u00c1lvarez Marchant<\/td><\/tr><tr><td>Agua<\/td><td>Carlos Mois\u00e9s Reyes Rosales<\/td><\/tr><\/tbody><\/table><\/figure>\n\n\n\n<p><\/p>\n\n\n\n<p>Para mayor informaci\u00f3n y detalles, hemos creado <strong>un manual de usuario<\/strong> que incluye instrucciones de c\u00f3mo bajar y utilizar la aplicaci\u00f3n, e invitar a tus vistas y proveedores. Este manual <a href=\"https:\/\/puntadelgallo.cl\/index.php\/manual-del-usuario\/\" data-type=\"page\" data-id=\"1248\">puedes encontrarlo en este link. <\/a>\u00a0<\/p>\n\n\n\n<p>Frente cualquier duda o consulta, por favor escr\u00edbenos a <a href=\"mailto:tesoreriapuntadelgallo@gmail.com\">tesoreriapuntadelgallo@gmail.com<\/a> &nbsp;La idea es canalizar las preguntas aqu\u00ed para poder crear un registro y mejorar el servicio para todos los usuarios de la comunidad.<\/p>\n\n\n\n<p>Durante la marcha blanca, <strong>nuestros porteros tienen la instrucci\u00f3n de no abrir el port\u00f3n<\/strong>, pero estar\u00e1n atentos para asistir a visitas y nuevos usuarios. Adem\u00e1s, en este per\u00edodo de inicio, el sistema de controles remotos y apertura v\u00eda telef\u00f3nica seguir\u00e1n funcionando temporalmente sin problemas. Sin embargo, por motivos de seguridad, ser\u00e1n desactivados prontamente.<\/p>\n\n\n\n<p>El plazo de la marcha blanca depender\u00e1 de los resultados y la soluci\u00f3n a los desaf\u00edos que hemos encontrado en nuestras pruebas iniciales, como el estado del motor del port\u00f3n y la baja conectividad en el sector de la porter\u00eda; ambos temas que la directiva est\u00e1n trabajando actualmente para resolver. Se comunicar\u00e1 oportunamente a la comunidad el fin del per\u00edodo de marcha blanca.<\/p>\n\n\n\n<p>Esperamos que esta medida sea un aporte al bienestar y seguridad de toda la comunidad.<\/p>\n\n\n\n<p>Atentamente,<\/p>\n\n\n\n<p><strong>Directiva OCF<br>Punta del Gallo<\/strong><\/p>\n","protected":false},"excerpt":{"rendered":"<p>La directiva ha enviado el siguiente mensaje a todos los residentes: Estimadas\/os vecinas\/os, Si est\u00e1s recibiendo este mensaje es porque nos enviaste tus datos para incluirte en el registro del nuevo sistema de control de acceso, y te tenemos buenas noticias: a partir del 1\u00b0 de diciembre estaremos iniciando la marcha blanca de nuestro sistema&#8230;.<\/p>\n","protected":false},"author":2,"featured_media":0,"parent":0,"menu_order":0,"comment_status":"closed","ping_status":"closed","template":"","meta":{"_kad_post_transparent":"","_kad_post_title":"","_kad_post_layout":"","_kad_post_sidebar_id":"","_kad_post_content_style":"","_kad_post_vertical_padding":"","_kad_post_feature":"","_kad_post_feature_position":"","_kad_post_header":false,"_kad_post_footer":false,"_kad_post_classname":"","footnotes":""},"class_list":["post-1223","page","type-page","status-publish","hentry"],"_links":{"self":[{"href":"https:\/\/puntadelgallo.cl\/index.php\/wp-json\/wp\/v2\/pages\/1223","targetHints":{"allow":["GET"]}}],"collection":[{"href":"https:\/\/puntadelgallo.cl\/index.php\/wp-json\/wp\/v2\/pages"}],"about":[{"href":"https:\/\/puntadelgallo.cl\/index.php\/wp-json\/wp\/v2\/types\/page"}],"author":[{"embeddable":true,"href":"https:\/\/puntadelgallo.cl\/index.php\/wp-json\/wp\/v2\/users\/2"}],"replies":[{"embeddable":true,"href":"https:\/\/puntadelgallo.cl\/index.php\/wp-json\/wp\/v2\/comments?post=1223"}],"version-history":[{"count":10,"href":"https:\/\/puntadelgallo.cl\/index.php\/wp-json\/wp\/v2\/pages\/1223\/revisions"}],"predecessor-version":[{"id":1385,"href":"https:\/\/puntadelgallo.cl\/index.php\/wp-json\/wp\/v2\/pages\/1223\/revisions\/1385"}],"wp:attachment":[{"href":"https:\/\/puntadelgallo.cl\/index.php\/wp-json\/wp\/v2\/media?parent=1223"}],"curies":[{"name":"wp","href":"https:\/\/api.w.org\/{rel}","templated":true}]}}