{"id":1256,"date":"2023-12-22T11:46:22","date_gmt":"2023-12-22T15:46:22","guid":{"rendered":"https:\/\/puntadelgallo.cl\/?page_id=1256"},"modified":"2025-10-24T18:28:10","modified_gmt":"2025-10-24T22:28:10","slug":"prevencion-de-incendios-forestales","status":"publish","type":"page","link":"https:\/\/puntadelgallo.cl\/index.php\/comunidad\/prevencion-de-incendios-forestales\/","title":{"rendered":"Prevenci\u00f3n de Incendios"},"content":{"rendered":"\n<p class=\"has-small-font-size\"><em>Documento: Recomendaciones y protocolo Incendios &#8211; PdG (Ver. 2.0)<\/em><\/p>\n\n\n\n<p>El progresivo aumento de las temperaturas debido al cambio clim\u00e1tico y el calentamiento global ha desencadenado un incremento significativo en los riesgos de incendios forestales en diversas regiones, incluyendo \u00e1reas como Punta de Gallo y Tunqu\u00e9n. Estas condiciones son propicias para la propagaci\u00f3n de incendios, y destaca la necesidad imperativa de implementar medidas preventivas y estrategias de respuesta eficaces para protegernos de los peligros latentes que surgen a partir de este importante contexto clim\u00e1tico.<\/p>\n\n\n\n<p class=\"has-text-color has-link-color wp-elements-08df596d933a7591ce1a3ea00c2b0288\" style=\"color:#ff0000\"><strong>Antes de un incendio:<\/strong><\/p>\n\n\n\n<p><strong><u>Voluntad y disposici\u00f3n para la acci\u00f3n<\/u><\/strong><\/p>\n\n\n\n<p>La voluntad siempre ser\u00e1 lo m\u00e1s importante antes de una emergencia. Mientras no exista la intenci\u00f3n de prevenir, por muy intangible o et\u00e9reo que pudiera sonar, toda recomendaci\u00f3n es insignificante si no es considerada. Es por eso que invitamos a la comunidad a que se acerque a sus vecinos m\u00e1s pr\u00f3ximos y puedan hablar acerca del tema: acordar primeras acciones en conjunto, compartir tel\u00e9fonos de importancia, o simplemente conversar acerca de la poda de \u00e1rboles. Estos acuerdos pueden tener una repercusi\u00f3n vital a la hora de una emergencia.<\/p>\n\n\n\n<p>Aqu\u00ed encontrar\u00e1 una serie de recomendaciones para reducir al m\u00ednimo el peligro de incendios forestales en nuestra comunidad:<br><br><strong><u>Recomendaciones<\/u><\/strong><\/p>\n\n\n\n<p>1) Mantenga pastos lo m\u00e1s corto posible. Elimine pastizales y malezas. A continuaci\u00f3n, encontrar\u00e1 un listado de los principales proveedores autorizados en nuestra comunidad. Algunos de ellos realizan estas labores de corte de pasto y jardiner\u00eda. <a href=\"https:\/\/puntadelgallo.cl\/index.php\/proveedores\/\">https:\/\/puntadelgallo.cl\/index.php\/proveedores\/<\/a><br><br>2) Considere la creaci\u00f3n de un cortafuegos de aproximadamente 10 metros de ancho, alrededor de su parcela. Con cortar pastizales, rastrillar y dejar libre de vegetaci\u00f3n es suficiente, sin embargo si quiere aplicar alg\u00fan tipo de material en el cord\u00f3n (maicillo, ripio, entre otros) tambi\u00e9n puede hacerlo.<br><br>3) Mantenga \u00e1rboles podados, es decir, sin ramas, hasta una altura de 3 metros y elimine el material de la poda (puede sacarlo de la parcelaci\u00f3n, chipearlo o enterrarlo).<\/p>\n\n\n\n<p>Evite mantener pinos y\/o eucaliptos dentro de su parcela, debido a lo resinoso y combustibles que pueden llegar a ser a la hora de un incendio.<\/p>\n\n\n\n<p>4) El acceso a su parcela debe estar limpio y despejado, en especial para que pueda transitar un veh\u00edculo de emergencia.<\/p>\n\n\n\n<p>5) Marque su pozo, cisterna, o fuente de agua con alguna bandera o signo color naranjo o azul. Tambi\u00e9n identifique correctamente extintores y baldes con arena. Estos \u00faltimos son muy importantes, ya que permiten realizar cortafuegos o extinguir focos a nivel de piso. &nbsp;<\/p>\n\n\n\n<p>6) Avise al administrador en caso que su parcela cuente con piscina, para incluirla como fuente de agua y abastecimiento ante siniestros.<br><br>7) Est\u00e1 estrictamente prohibido realizar fuego a ras de piso, as\u00ed como quemas de basura y ramas.<br><br>8) Si utiliza parrilla o fog\u00f3n, tenga siempre cerca 1-2 extintores (vigentes), agua (manguera que llegue a la zona o recipientes) o baldes con arena. Es necesario despejar todo el material combustible en un per\u00edmetro de 10 metros de la zona. Aseg\u00farese de apagar bien el fuego y brasas al terminar. Prescinda del uso de parrillas a carb\u00f3n y fogones en per\u00edodos de peligro de incendios.<\/p>\n\n\n\n<p>9) Si est\u00e1 construyendo, tenga mucho cuidado con herramientas que puedan generar chispas o cortocircuitos. Delimite siempre estas zonas de trabajo con biombos de material no combustible, o al menos cuente con alguna fuente de agua cercana.<br><br>10) No tirar colillas de cigarro al suelo.<\/p>\n\n\n\n<p>11) No utilizar fuegos artificiales o globos que se eleven con fuego.<\/p>\n\n\n\n<p>12) Informar estas medidas a visitas y trabajadores.<\/p>\n\n\n\n<p><strong>Adem\u00e1s, considere:<\/strong><\/p>\n\n\n\n<ul class=\"wp-block-list\">\n<li>Mantener extintores vigentes, baldes con arena, as\u00ed como cualquier otra medida inmediata para extinguir alg\u00fan inminente foco de incendio en su parcela. Si ya los tiene, se\u00f1al\u00edcelos para su f\u00e1cil ubicaci\u00f3n.<\/li>\n\n\n\n<li>Recoja botellas, latas y trozos de vidrio del suelo, que est\u00e9n o no en su terreno, y b\u00f3telos en los recept\u00e1culos de basura.<\/li>\n\n\n\n<li>Dialogue con sus vecinos para programar podas. Los \u00e1rboles grandes son receptores de material incandescente y muchas veces obstruyen el paso a veh\u00edculos de emergencia.<\/li>\n\n\n\n<li>Comparta cualquier otra medida respecto a incendios forestales con sus vecinas\/os.<\/li>\n\n\n\n<li><strong>El 95% de los incendios forestales es causado por acci\u00f3n humana. Ayude a evitarlos.<\/strong><\/li>\n<\/ul>\n\n\n\n<p><strong><u>Brigada de incendios:<\/u><\/strong><\/p>\n\n\n\n<p>Porter\u00eda cuenta con herramientas para una primera reacci\u00f3n en caso de incendio, las que se encuentran en un lugar especialmente dispuesto para estos elementos. En caso de incendio, puede solicitarlos y ser\u00e1n entregados o podr\u00e1 encontrarlos en el mueble a un costado de porter\u00eda.<\/p>\n\n\n\n<p>2 Hachas &nbsp;&nbsp;&nbsp;&nbsp;&nbsp;&nbsp;&nbsp;&nbsp;&nbsp;&nbsp;&nbsp;<br>2 Palas<br>2 extintores Tipo A-B-C<br>6 pares de guantes<br>1 palanca \u201cPata de cabra\u201d<\/p>\n\n\n\n<figure class=\"wp-block-image size-full is-resized\"><img loading=\"lazy\" decoding=\"async\" width=\"346\" height=\"434\" src=\"https:\/\/puntadelgallo.cl\/wp-content\/uploads\/2023\/12\/brigada-pequena-1.jpg\" alt=\"\" class=\"wp-image-1259\" style=\"width:215px;height:auto\" srcset=\"https:\/\/puntadelgallo.cl\/wp-content\/uploads\/2023\/12\/brigada-pequena-1.jpg 346w, https:\/\/puntadelgallo.cl\/wp-content\/uploads\/2023\/12\/brigada-pequena-1-239x300.jpg 239w\" sizes=\"auto, (max-width: 346px) 100vw, 346px\" \/><\/figure>\n\n\n\n<p>Las comunidades cuentan con un convenio con Manuel \u00c1lvarez (don Toyo) quien reacciona en caso de emergencias, llegando con el cami\u00f3n aljibe en un lapso aproximado de 5-7 minutos despu\u00e9s de la llamada. En caso de reacci\u00f3n, el propietario ser\u00e1 responsable de pagar el\/los viajes de agua con un recargo del 100%.<\/p>\n\n\n\n<p><strong><u><br>Cami\u00f3n Aljibe:<\/u><\/strong><\/p>\n\n\n\n<p><strong>Motorista y conexi\u00f3n por radio:<\/strong><\/p>\n\n\n\n<p>Durante la temporada de verano, la comunidad de Punta del Gallo est\u00e1 adscrita a un servicio de vigilancia de la ruta F-818, que contempla a un motorista que recorre desde el cruce Quintay-Tunqu\u00e9n hasta el estero de Casablanca, l\u00edmite entre las comunas de Algarrobo y Casablanca. Este motorista est\u00e1 conectado por radiotransmisor tanto con Conaf, como con los vecinos del sector, lo que permite una reacci\u00f3n mucho m\u00e1s r\u00e1pida en caso de detectar alg\u00fan foco de incendios. Nuestra porter\u00eda tambi\u00e9n es parte de esa conexi\u00f3n v\u00eda radio. <\/p>\n\n\n\n<p class=\"has-text-color has-link-color wp-elements-d501dbf79fe39bde5d64c72e3915cf73\" style=\"color:#ff0000\"><strong>Potencial foco de Incendio:<\/strong><\/p>\n\n\n\n<p>En caso de notar un potencial foco de incendio, aun cuando no tenga certeza de si se trata efectivamente de un incendio, quema, fogata o similar, por favor comun\u00edquese con la porter\u00eda:<\/p>\n\n\n\n<p>Marl\u00e9n Brito y Javier Concha &#8211; Punta del Gallo&nbsp;&nbsp; : <strong>+56 9 42 10 09 87<\/strong><\/p>\n\n\n\n<p>Tambi\u00e9n, puede despejar sus dudas con sus vecinos a trav\u00e9s del WhatsApp de la comunidad y otros canales de comunicaci\u00f3n que estime pertinentes.<br>&nbsp;<br><strong>Secuencia de llamadas en caso de incendio:<\/strong><\/p>\n\n\n\n<p>En cada llamada que realice, favor indicar lo siguiente:<\/p>\n\n\n\n<ul class=\"wp-block-list\">\n<li><strong>Que se trata de una EMERGENCIA\/FOCO DE INCENDIO\/INCENDIO<\/strong><\/li>\n\n\n\n<li><strong>EN COMUNIDAD Punta del Gallo<\/strong><\/li>\n\n\n\n<li><strong>SECTOR XXXXXX, PARCELA X-XX<\/strong><\/li>\n\n\n\n<li><strong>RUTA F-818.<\/strong><\/li>\n<\/ul>\n\n\n\n<p><strong>1.- Primera Llamada:<\/strong> Avisar a Carabineros y Bomberos<br>(+56 9) 6699 8352&nbsp; \/&nbsp; (+56) 32 23 62 633<br><strong><br>2.- Segunda Llamada:<\/strong> Porter\u00eda:<\/p>\n\n\n\n<p>Marl\u00e9n Brito y Javier Concha: Punta del Gallo +56 9 421 00 987<\/p>\n\n\n\n<p><strong>3.- Aviso:<\/strong> vecinos y comunidad a trav\u00e9s de llamadas telef\u00f3nicas y\/o grupos de WhatsApp.<\/p>\n\n\n\n<ul class=\"wp-block-list\">\n<li>Agregue solo datos como el n\u00famero de la parcela o si se requiere alguna ambulancia. Recuerde ser lo m\u00e1s breve y claro posible.<\/li>\n\n\n\n<li>Porter\u00eda y las personas de confianza realizar\u00e1n sus activaciones respectivas para apoyar en una primera reacci\u00f3n.<\/li>\n\n\n\n<li>Recuerde prestar la ayuda que le sea posible, <strong>JAM\u00c1S PONIENDO EN RIESGO SU INTEGRIDAD F\u00cdSICA.<\/strong><\/li>\n<\/ul>\n\n\n\n<p>Posterior al incendio:<\/p>\n\n\n\n<ul class=\"wp-block-list\">\n<li>Considere comunicarse con sus vecinos o personas involucradas para ofrecer ayuda.<\/li>\n\n\n\n<li>Inf\u00f3rmese acerca de las causas del incendio, eval\u00fae su propiedad y alrededores; en caso de identificar riesgos, tome acciones correctivas necesarias para mitigar efectos y da\u00f1os.<\/li>\n<\/ul>\n\n\n\n<p><strong><u>Red de contactos en caso de incendio:<\/u><\/strong><\/p>\n\n\n\n<p>Estos son los n\u00fameros de inter\u00e9s en caso de alg\u00fan tipo de incendio o emergencia:<\/p>\n\n\n\n<p>Carabineros Plan Cuadrante &nbsp;&nbsp;&nbsp;&nbsp;&nbsp;&nbsp;&nbsp;&nbsp;&nbsp;&nbsp;&nbsp;&nbsp;&nbsp;&nbsp;&nbsp;&nbsp;&nbsp;&nbsp;&nbsp;&nbsp;&nbsp;    : +56 9 66 99 83 52<br>Bomberos \u2013 Quintay &nbsp;&nbsp;&nbsp;&nbsp;&nbsp;&nbsp;&nbsp;&nbsp;&nbsp;&nbsp;&nbsp;&nbsp;&nbsp;&nbsp;&nbsp;&nbsp;&nbsp;&nbsp;&nbsp;&nbsp;&nbsp;&nbsp;&nbsp;&nbsp;&nbsp;&nbsp;&nbsp;&nbsp;&nbsp;&nbsp;&nbsp;&nbsp;&nbsp;&nbsp;&nbsp;&nbsp; : +56 32 23 62 633&nbsp; &#8211; +56 9 54 73 17 97<br>Conaf&nbsp;&nbsp;&nbsp;&nbsp;&nbsp;&nbsp;&nbsp;&nbsp;&nbsp;&nbsp;&nbsp;&nbsp;&nbsp;&nbsp;&nbsp;&nbsp;&nbsp;&nbsp;&nbsp;&nbsp;&nbsp;&nbsp;&nbsp;&nbsp;&nbsp;&nbsp;&nbsp;&nbsp;&nbsp;&nbsp;&nbsp;&nbsp;&nbsp;&nbsp;&nbsp;&nbsp;&nbsp;&nbsp;&nbsp;&nbsp;&nbsp;&nbsp;&nbsp;&nbsp;&nbsp;&nbsp;&nbsp;&nbsp;&nbsp;&nbsp;&nbsp;&nbsp;&nbsp;&nbsp;&nbsp;&nbsp;&nbsp;&nbsp;&nbsp;&nbsp;&nbsp;: 130<br>Manuel \u00c1lvarez \u2013 Don Toyo&nbsp;&nbsp;&nbsp;&nbsp;&nbsp;&nbsp;&nbsp;&nbsp;&nbsp;&nbsp;&nbsp;&nbsp;&nbsp;&nbsp;&nbsp;&nbsp;&nbsp;&nbsp;&nbsp;&nbsp;&nbsp;&nbsp;&nbsp;    : +56 9 93 44 44 43<br>Porter\u00eda El Rosario&nbsp;&nbsp;&nbsp;&nbsp;&nbsp;&nbsp;&nbsp;&nbsp;&nbsp;&nbsp; &nbsp;&nbsp;&nbsp;&nbsp;&nbsp;&nbsp;&nbsp;&nbsp;&nbsp;&nbsp;&nbsp;&nbsp;&nbsp;&nbsp;&nbsp;&nbsp;&nbsp;&nbsp;&nbsp;&nbsp;&nbsp;&nbsp;&nbsp;&nbsp;&nbsp;&nbsp;&nbsp;&nbsp;&nbsp;  : +56 9 57 90 74 85<br>Porter\u00eda La Boca &nbsp;&nbsp;&nbsp;&nbsp;&nbsp;&nbsp;&nbsp;&nbsp;&nbsp;&nbsp;&nbsp;&nbsp;&nbsp;&nbsp;&nbsp;&nbsp;&nbsp;&nbsp;&nbsp;&nbsp;&nbsp;&nbsp;&nbsp;&nbsp;&nbsp;&nbsp;&nbsp;&nbsp;&nbsp;&nbsp;&nbsp;&nbsp;&nbsp;&nbsp;&nbsp;&nbsp;&nbsp;&nbsp;&nbsp;&nbsp;&nbsp;&nbsp;&nbsp; : +56 9 59 59 09 17<br>Oscar Riffo \u2013 Administraci\u00f3n&nbsp;&nbsp;&nbsp;&nbsp;&nbsp;&nbsp;&nbsp;&nbsp;&nbsp;&nbsp;&nbsp;&nbsp;&nbsp;&nbsp;&nbsp;&nbsp;&nbsp;&nbsp;&nbsp;&nbsp;&nbsp;    : +56 9 79 44 64 73<br>Jorge Err\u00e1zuriz (Punta del Gallo) &nbsp;&nbsp;&nbsp;&nbsp;&nbsp;&nbsp;&nbsp;&nbsp;&nbsp;&nbsp;&nbsp;&nbsp;&nbsp;     : +56 9 94 30 17 17<br>Eduardo G\u00f3mez&nbsp;&nbsp;&nbsp;&nbsp;&nbsp;&nbsp;&nbsp;&nbsp;&nbsp;&nbsp;&nbsp;&nbsp;&nbsp;&nbsp;&nbsp;&nbsp;&nbsp;&nbsp;&nbsp;&nbsp;&nbsp;&nbsp;&nbsp;&nbsp;&nbsp;&nbsp;&nbsp;&nbsp;&nbsp; &nbsp;&nbsp;&nbsp;&nbsp;&nbsp;&nbsp;&nbsp;&nbsp;&nbsp;&nbsp;&nbsp;&nbsp;&nbsp;&nbsp;: +56 9 92 78 75 39<br><br><\/p>\n\n\n\n<p>Adem\u00e1s, existe en cada comunidad un conjunto de vecinos residentes permanentes, organizados para actuar como grupo de alerta temprana en caso de incendios forestales. Si usted desea participar, por favor comun\u00edquese con el administrador o la persona a cargo para integrarle a esta agrupaci\u00f3n.<\/p>\n\n\n\n<p class=\"has-small-font-size\"><em>Recomendaciones y protocolo de incendios. Ver. 2.0. \u2013 Punta del Gallo, diciembre de 2023.<\/em><\/p>\n","protected":false},"excerpt":{"rendered":"<p>Documento: Recomendaciones y protocolo Incendios &#8211; PdG (Ver. 2.0) El progresivo aumento de las temperaturas debido al cambio clim\u00e1tico y el calentamiento global ha desencadenado un incremento significativo en los riesgos de incendios forestales en diversas regiones, incluyendo \u00e1reas como Punta de Gallo y Tunqu\u00e9n. Estas condiciones son propicias para la propagaci\u00f3n de incendios, y&#8230;<\/p>\n","protected":false},"author":6,"featured_media":0,"parent":26,"menu_order":4,"comment_status":"closed","ping_status":"closed","template":"","meta":{"_kad_post_transparent":"","_kad_post_title":"","_kad_post_layout":"","_kad_post_sidebar_id":"","_kad_post_content_style":"","_kad_post_vertical_padding":"","_kad_post_feature":"","_kad_post_feature_position":"","_kad_post_header":false,"_kad_post_footer":false,"_kad_post_classname":"","footnotes":""},"class_list":["post-1256","page","type-page","status-publish","hentry"],"_links":{"self":[{"href":"https:\/\/puntadelgallo.cl\/index.php\/wp-json\/wp\/v2\/pages\/1256","targetHints":{"allow":["GET"]}}],"collection":[{"href":"https:\/\/puntadelgallo.cl\/index.php\/wp-json\/wp\/v2\/pages"}],"about":[{"href":"https:\/\/puntadelgallo.cl\/index.php\/wp-json\/wp\/v2\/types\/page"}],"author":[{"embeddable":true,"href":"https:\/\/puntadelgallo.cl\/index.php\/wp-json\/wp\/v2\/users\/6"}],"replies":[{"embeddable":true,"href":"https:\/\/puntadelgallo.cl\/index.php\/wp-json\/wp\/v2\/comments?post=1256"}],"version-history":[{"count":6,"href":"https:\/\/puntadelgallo.cl\/index.php\/wp-json\/wp\/v2\/pages\/1256\/revisions"}],"predecessor-version":[{"id":1954,"href":"https:\/\/puntadelgallo.cl\/index.php\/wp-json\/wp\/v2\/pages\/1256\/revisions\/1954"}],"up":[{"embeddable":true,"href":"https:\/\/puntadelgallo.cl\/index.php\/wp-json\/wp\/v2\/pages\/26"}],"wp:attachment":[{"href":"https:\/\/puntadelgallo.cl\/index.php\/wp-json\/wp\/v2\/media?parent=1256"}],"curies":[{"name":"wp","href":"https:\/\/api.w.org\/{rel}","templated":true}]}}