{"id":135,"date":"2023-06-13T23:56:07","date_gmt":"2023-06-14T03:56:07","guid":{"rendered":"http:\/\/puntadelgallo.cl\/?page_id=135"},"modified":"2023-06-14T00:31:53","modified_gmt":"2023-06-14T04:31:53","slug":"acta-de-la-asamblea-realizada-el-22-2-2020","status":"publish","type":"page","link":"https:\/\/puntadelgallo.cl\/index.php\/acta-de-la-asamblea-realizada-el-22-2-2020\/","title":{"rendered":"Acta de la asamblea realizada el 22 de febrero de 2020"},"content":{"rendered":"\n<p>38 asistentes, 3 socios representados por poder.<br>Se da inicio a la Asamblea a las 10 AM:<\/p>\n\n\n\n<p><strong>1er BLOQUE<\/strong><br><em>Magdalena Balcells,&nbsp;Estado Financiero<\/em><br>\u200b<br><strong>OBSERVACIONES<\/strong><br>Hay un incremento en el gasto producto del aumento en el tama\u00f1o de la comunidad.&nbsp;Refuerza la importancia de contar con una administraci\u00f3n formal y profesional dado el&nbsp;aumento de tama\u00f1o de la misma. Lo que implica tambi\u00e9n un aumento en los gastos fijos&nbsp;que tenemos que enfrentar como comunidad.<br>Expone y especifica cada gasto en detalle, los que se adjuntan en la presentaci\u00f3n&nbsp;realizada.<br>Los principales gastos, son:<br>El manejo de a Basura, Gasto previsional, gastos de mantenci\u00f3n, (todos expresados en la&nbsp;ppt que est\u00e1 publicada en la secci\u00f3n &#8220;NOTICIAS&#8221;) y con poco espacio para optimizar.<br>Los Ingresos vienen de los GGCC aportados el pago de Casas y sitios,<br>Existen otros ingresos pero son donaciones de materiales que no representan ingresos&nbsp;directos en efectivo.<br>Se realiza un informe anualizado ( enero \/ Diciembre )<br>En t\u00e9rminos internos se realiz\u00f3 un acuerdo con los horarios de administraci\u00f3n, para&nbsp;ajustarnos a la ley.<br>Se regularizaron todos los temas legales a nivel de contratos y horas extras.<br>Este a\u00f1o, tendremos que asumir la acumulaci\u00f3n de las vacaciones del personal.<br>El detalle de las cifras tambi\u00e9n est\u00e1 especificado en el ppt de informe.<br>Cuadro de estado financiero, presentado en la asamblea.<\/p>\n\n\n\n<figure class=\"wp-block-image size-large\"><img loading=\"lazy\" decoding=\"async\" width=\"1024\" height=\"650\" src=\"http:\/\/puntadelgallo.cl\/wp-content\/uploads\/2023\/06\/2020-02-22-estado-financiero_orig-1024x650.png\" alt=\"\" class=\"wp-image-140\" srcset=\"https:\/\/puntadelgallo.cl\/wp-content\/uploads\/2023\/06\/2020-02-22-estado-financiero_orig-1024x650.png 1024w, https:\/\/puntadelgallo.cl\/wp-content\/uploads\/2023\/06\/2020-02-22-estado-financiero_orig-300x190.png 300w, https:\/\/puntadelgallo.cl\/wp-content\/uploads\/2023\/06\/2020-02-22-estado-financiero_orig-768x487.png 768w, https:\/\/puntadelgallo.cl\/wp-content\/uploads\/2023\/06\/2020-02-22-estado-financiero_orig.png 1043w\" sizes=\"auto, (max-width: 1024px) 100vw, 1024px\" \/><\/figure>\n\n\n\n<p><strong>Infraestructura :<\/strong><\/p>\n\n\n\n<ul class=\"wp-block-list\">\n<li>Se contrata el cami\u00f3n de agua en conjunto con los otros condominios por 6 meses como&nbsp;&nbsp;resguardo para los incendios.<\/li>\n\n\n\n<li>Se contrat\u00f3 rond\u00edn en los meses que se incrementan los robos.<\/li>\n\n\n\n<li>Se realizaron mejoras en los caminos y senderos, dos de ellos desde cero (Silencio y&nbsp;Colores )<\/li>\n\n\n\n<li>No se realizaron gastos en celebraci\u00f3n<\/li>\n\n\n\n<li>Evoluci\u00f3n del estado de deuda.<\/li>\n\n\n\n<li>Catastro de propietarios y su estado de deuda.<\/li>\n\n\n\n<li>En proceso de afinamiento dada la movilidad en los cambios de propietarios.<\/li>\n\n\n\n<li>Se informa sobre las deudas ya que ha aumentado.<\/li>\n\n\n\n<li>El concepto de morosos, no aplica ya que no es una obligaci\u00f3n legal.<\/li>\n\n\n\n<li>Se propone una sensibilizaci\u00f3n de las situaciones particulares de aquellos vecinos que no&nbsp;han podido pagar.<\/li>\n\n\n\n<li>Existe una mejora en la recaudaci\u00f3n, pero estamos en un 20% al debe.<\/li>\n\n\n\n<li>Se propone una mejora de un 5% de la recaudaci\u00f3n de los GGCC para el 2020.<\/li>\n\n\n\n<li>Presupuesto anualizado desde enero a diciembre.<\/li>\n<\/ul>\n\n\n\n<p><strong>Propuesta para GGCC:<\/strong><br>1 Pronto pago :<\/p>\n\n\n\n<ul class=\"wp-block-list\">\n<li>Todos los que paguen el a\u00f1o, tienen un descuento de $ 30.000<\/li>\n\n\n\n<li>Se pueden hacer pagos mensuales<\/li>\n\n\n\n<li>Se propone que Oscar implemente un sistema de alerta en funci\u00f3n de que cada uno elija&nbsp;su forma de pago.<\/li>\n\n\n\n<li>Se propone una forma de generar un pago flexible para aquellos vecinos que mantengan&nbsp;una deuda hist\u00f3rica.<\/li>\n\n\n\n<li>La invitaci\u00f3n a un 2020 colaborativo<\/li>\n<\/ul>\n\n\n\n<p><strong>RESUMEN :<\/strong><\/p>\n\n\n\n<ul class=\"wp-block-list\">\n<li>Total de Gastos fijos entre Marzo 2019 y Febrero 2020 : $ 17.905.290<\/li>\n\n\n\n<li>Pendientes de Pago a Febrero 2020 ( Casas 15, Sitios 29 )<\/li>\n\n\n\n<li>Propuesta de descuento anual a todo vecino que lo solicite, dado el contexto pa\u00eds.<\/li>\n<\/ul>\n\n\n\n<p><strong>Medidas:<\/strong><\/p>\n\n\n\n<ul class=\"wp-block-list\">\n<li>Pronto Pago: Cuota anual, $ 360.000<\/li>\n\n\n\n<li>Pago total antes del 1 de Abril $ 330.000<\/li>\n<\/ul>\n\n\n\n<p><strong>Caso a caso<\/strong><\/p>\n\n\n\n<ul class=\"wp-block-list\">\n<li>Dado el contexto pa\u00eds, la solicitud de evaluaci\u00f3n de rebajas en los pagos de los GGCC, se&nbsp;realizar\u00e1n a trav\u00e9s del Administrador, v\u00eda solicitud.<\/li>\n\n\n\n<li>Se refuerza el car\u00e1cter colaborativo y la formaci\u00f3n de comunidad.<\/li>\n<\/ul>\n\n\n\n<p><strong>2do BLOQUE<\/strong><br><em>GESTI\u00d3N,&nbsp;Oscar Riffo,&nbsp;informa de la Gesti\u00f3n del A\u00f1o pasado.<\/em><br>Marzo:&nbsp;<\/p>\n\n\n\n<ul class=\"wp-block-list\">\n<li>Instalaci\u00f3n de la nueva Directiva<\/li>\n<\/ul>\n\n\n\n<p>Abril y Mayo :<\/p>\n\n\n\n<ul class=\"wp-block-list\">\n<li>Arreglo de caminos, problem\u00e1tica de animales vecinos, gesti\u00f3n de RRHH de Porter\u00eda,<\/li>\n\n\n\n<li>Manejo de basura y vidrio.<\/li>\n\n\n\n<li>Se inicia el plan de recaudaci\u00f3n.<\/li>\n<\/ul>\n\n\n\n<p>Junio \/ Julio:<\/p>\n\n\n\n<ul class=\"wp-block-list\">\n<li>Contin\u00faa mejoras de camino y su perfeccionamiento.<\/li>\n\n\n\n<li>se aprueba reglamento de construcci\u00f3n se aprueba por la directiva.<\/li>\n<\/ul>\n\n\n\n<p>Agosto<\/p>\n\n\n\n<ul class=\"wp-block-list\">\n<li>Se realizan acuerdos para las mejoras de porter\u00eda con los grandes vecinos<\/li>\n\n\n\n<li>Se realizan contrataci\u00f3n de seguridad adicional por los robos<\/li>\n\n\n\n<li>Se mejoran los temas asociados al vidrio y se cortan las bateas para el manejo del vidrio<\/li>\n\n\n\n<li>por los proveedores de retiro.<\/li>\n<\/ul>\n\n\n\n<p>Septiembre \/ Octubre<\/p>\n\n\n\n<ul class=\"wp-block-list\">\n<li>T\u00e9rmino del sendero los colores<\/li>\n\n\n\n<li>Instalaci\u00f3n de la se\u00f1al\u00e9tica en \u00e1reas comunes.<\/li>\n\n\n\n<li>Se fija lugar para la asamblea.<\/li>\n<\/ul>\n\n\n\n<p>Noviembre \/ Diciembre<\/p>\n\n\n\n<ul class=\"wp-block-list\">\n<li>Se instala caja fuerte con control remoto<\/li>\n\n\n\n<li>Se compra sistema para el control remoto del ingreso<\/li>\n\n\n\n<li>Se realiza reuni\u00f3n de prevenci\u00f3n de incendios.<\/li>\n\n\n\n<li>Se acuerda arriendo cami\u00f3n aljibe para casos de emergencia en coordinaci\u00f3n con<\/li>\n\n\n\n<li>bomberos, carabineros y vecinos.<\/li>\n\n\n\n<li>Se invita a colaborar con bomberos de Quintay para ayudarlos en su mantenci\u00f3n<\/li>\n<\/ul>\n\n\n\n<p>Enero \/ Febrero<\/p>\n\n\n\n<ul class=\"wp-block-list\">\n<li>Se compran las herramientas de prevenci\u00f3n<\/li>\n\n\n\n<li>Se cambian los horarios de funcionamiento.<\/li>\n\n\n\n<li>Se firman nuevos anexos de contrato con el personal.<\/li>\n\n\n\n<li>Se redacta un nuevo protocolo de seguridad y control para el ingreso al fundo.<\/li>\n\n\n\n<li>Se invita a registrar los n\u00fameros de tel\u00e9fono de los vecinos para usar el sistema de<\/li>\n\n\n\n<li>telefon\u00eda de acceso remoto.<\/li>\n\n\n\n<li>Hay controles remotos disponibles a $15.000 para quienes les falten.<\/li>\n\n\n\n<li>Se incorpor\u00f3 una caja fuerte con un control remoto para activar el port\u00f3n, para vecinos&nbsp;que hayan perdido su control o necesiten ingresar a horarios fuera del horario de porter\u00eda&nbsp;y no cuenten con el control. La coordinaci\u00f3n de ese acceso es a trav\u00e9s del tel\u00e9fono de&nbsp;porter\u00eda.<\/li>\n\n\n\n<li>Se realiza la inauguraci\u00f3n del sendero los colores.<\/li>\n\n\n\n<li>Se agradece a los vecinos que han realizados aportes a la comunidad.<\/li>\n<\/ul>\n\n\n\n<p>Recomendaciones :<\/p>\n\n\n\n<ul class=\"wp-block-list\">\n<li>Cuidado con la velocidad<\/li>\n\n\n\n<li>Uso apropiado del sector de la basura y \u00e1reas comunes<\/li>\n\n\n\n<li>Cuidado con el uso del agua<\/li>\n\n\n\n<li>Invitaci\u00f3n al reciclaje y al compostaje.<\/li>\n\n\n\n<li>C\u00f3digo de cuidado y manual a los arrendatarios y visitantes.<\/li>\n\n\n\n<li>Recordar el uso correcto de los horarios de porter\u00eda.<\/li>\n<\/ul>\n\n\n\n<p><strong>3er BLOQUE<\/strong><br><em>CAMINOS,&nbsp;Jorge Err\u00e1zuriz<\/em><br>Jorge explica los aspectos t\u00e9cnicos del estado de los caminos y las&nbsp;acciones de mantenci\u00f3n.<br>Tema desniveles y manejos del agua.<\/p>\n\n\n\n<ul class=\"wp-block-list\">\n<li>Instalaci\u00f3n de lomo de toros para regular la velocidad.<\/li>\n\n\n\n<li>Se habla de la funcionalidad y la importancia de los lomos de toro para el resguardo de los&nbsp;caminos y su preservaci\u00f3n.<\/li>\n\n\n\n<li>Se informa que el gasto fue $ 1.700.000 en el trabajo.<\/li>\n<\/ul>\n\n\n\n<ol class=\"wp-block-list\">\n<li>Agua: 3 viajes (2,500 lts cada uno),&nbsp;<\/li>\n\n\n\n<li>Motoniveladora: 8 hrs.<\/li>\n\n\n\n<li>Jornales: 12 d\u00edas<\/li>\n\n\n\n<li>Retroexcavadora: 36 hrs.<\/li>\n\n\n\n<li>Estabilizado 70m3<\/li>\n\n\n\n<li>Maicillo 80m3<\/li>\n\n\n\n<li>Inversi\u00f3n total caminos entre marzo 2019 \u2013 enero 2020 ser\u00e1 de $ 2.431.729<\/li>\n<\/ol>\n\n\n\n<p>Se vota en relaci\u00f3n a la mantenci\u00f3n de los lomos de toro.<br>Votaci\u00f3n: se eliminan o se perfeccionan.<br>Gana la propuesta de mantenerlos y perfeccionarlo.<br>Las personas que votan por eliminarlos son 9 votos lo que representa una minor\u00eda para la&nbsp;asamblea.<br>Se decide llamar y solicitar asesoramiento para mejorarlo y mejorar se\u00f1al\u00e9tica.<br>Se le agradece a Jorge Err\u00e1zuriz&nbsp;por la gesti\u00f3n.<\/p>\n\n\n\n<p><strong>4to Bloque<\/strong><br>MEDIO AMBIENTE,&nbsp;Vicky Flores<br>Invitaci\u00f3n abierta a realizar compostaje familiar para un mejor manejo de&nbsp;los residuos org\u00e1nicos.<br>Recomendaciones:<\/p>\n\n\n\n<ul class=\"wp-block-list\">\n<li>No m\u00e1s eucaliptos: (eucaliptos consumen mucha agua, la napa es de todos)<\/li>\n\n\n\n<li>La Utilidad de la Doca para reducir los temas de la erosi\u00f3n, humedad del piso,&nbsp;recomendaci\u00f3n mantenerla a controlada.<\/li>\n\n\n\n<li>Minga en abril<\/li>\n\n\n\n<li>Acuerdo de trabajo en conjunto con la limpieza del Rosario, felices de participar de&nbsp;manera coordinada.<\/li>\n<\/ul>\n\n\n\n<p><strong>Resumen:<\/strong><\/p>\n\n\n\n<ul class=\"wp-block-list\">\n<li>Conciencia y cuidado de los recursos de medio ambiente<\/li>\n\n\n\n<li>Los Pinos tambi\u00e9n afectan la seguridad, dado que son s\u00faper combustibles para los<\/li>\n\n\n\n<li>incendios.<\/li>\n\n\n\n<li>Preferir especies nativas, Acacio Forrajero y otros por el estilo.<\/li>\n\n\n\n<li>Se har\u00e1 una lista de los \u00e1rboles recomendados para compartir.<\/li>\n<\/ul>\n\n\n\n<p><strong>5to BLOQUE<\/strong><br>CIERRE Y NUEVOS PROYECTOS,&nbsp;PATRICIO CASANUEVA<\/p>\n\n\n\n<ul class=\"wp-block-list\">\n<li>Invita a una mayor participaci\u00f3n y colaboraci\u00f3n<\/li>\n\n\n\n<li>Nuevo proyecto baja a trav\u00e9s de la propiedad de Tom\u00e1s Izquierdo.<\/li>\n\n\n\n<li>Buscar asesoramiento para el tema de la sequ\u00eda, factibilidad por la situaci\u00f3n h\u00edbrida.<\/li>\n\n\n\n<li>Crear una n\u00f3mina de proveedores oficiales para PDG, para evitar las malas pr\u00e1cticas.<\/li>\n\n\n\n<li>Jonny Heiss propone crear una p\u00e1gina web de la comunidad.<\/li>\n\n\n\n<li>Se propone un reglamento para mascotas.<\/li>\n\n\n\n<li>Regular el acceso a la playa del Revolc\u00f3n.<\/li>\n\n\n\n<li>Carlos Porter queda como responsable<\/li>\n\n\n\n<li>Se comenta que hay cercan\u00eda con Ver\u00f3nica Rojas para el tema de mejoras para la porter\u00eda.<\/li>\n\n\n\n<li>Se vienen nuevas parcelaciones y la idea es hacerlo de manera comunitaria junto con los&nbsp;grandes propietarios.<\/li>\n\n\n\n<li>Se conversa referente a los accesos a la playa, para gente externa a la comunidad. Patricio&nbsp;comenta \u00a8Esta directiva no puede prohibir el acceso\u00a8, pero si solicitar las medidas de&nbsp;registro de acceso de quienes ingresan.<\/li>\n\n\n\n<li>Se est\u00e1 en conversaciones con Bosque Natura para abrir sectores para paseos.<\/li>\n\n\n\n<li>En la Boca, Oscar Riffo hizo una n\u00f3mina con los propietarios de Punta del Gallo, para que<\/li>\n\n\n\n<li>puedan ingresar a la Boca y al Rosario. (no los arrendatarios )<\/li>\n<\/ul>\n\n\n\n<p><strong>Palabras de Cierre.<\/strong><br>Se habla de iniciar un proyecto de paisajismo y crear espacios comunitarios.<br>Se da fin a la asamblea y se invita a la inauguraci\u00f3n del sendero LOS COLORES.<\/p>\n\n\n\n<p>Carlos Porter<br><em>Secretario OCF PUNTA DEL GALLO<\/em><\/p>\n","protected":false},"excerpt":{"rendered":"<p>38 asistentes, 3 socios representados por poder.Se da inicio a la Asamblea a las 10 AM: 1er BLOQUEMagdalena Balcells,&nbsp;Estado Financiero\u200bOBSERVACIONESHay un incremento en el gasto producto del aumento en el tama\u00f1o de la comunidad.&nbsp;Refuerza la importancia de contar con una administraci\u00f3n formal y profesional dado el&nbsp;aumento de tama\u00f1o de la misma. Lo que implica tambi\u00e9n&#8230;<\/p>\n","protected":false},"author":2,"featured_media":0,"parent":0,"menu_order":0,"comment_status":"closed","ping_status":"closed","template":"","meta":{"_kad_post_transparent":"","_kad_post_title":"","_kad_post_layout":"","_kad_post_sidebar_id":"","_kad_post_content_style":"","_kad_post_vertical_padding":"","_kad_post_feature":"","_kad_post_feature_position":"","_kad_post_header":false,"_kad_post_footer":false,"_kad_post_classname":"","footnotes":""},"class_list":["post-135","page","type-page","status-publish","hentry"],"_links":{"self":[{"href":"https:\/\/puntadelgallo.cl\/index.php\/wp-json\/wp\/v2\/pages\/135","targetHints":{"allow":["GET"]}}],"collection":[{"href":"https:\/\/puntadelgallo.cl\/index.php\/wp-json\/wp\/v2\/pages"}],"about":[{"href":"https:\/\/puntadelgallo.cl\/index.php\/wp-json\/wp\/v2\/types\/page"}],"author":[{"embeddable":true,"href":"https:\/\/puntadelgallo.cl\/index.php\/wp-json\/wp\/v2\/users\/2"}],"replies":[{"embeddable":true,"href":"https:\/\/puntadelgallo.cl\/index.php\/wp-json\/wp\/v2\/comments?post=135"}],"version-history":[{"count":3,"href":"https:\/\/puntadelgallo.cl\/index.php\/wp-json\/wp\/v2\/pages\/135\/revisions"}],"predecessor-version":[{"id":164,"href":"https:\/\/puntadelgallo.cl\/index.php\/wp-json\/wp\/v2\/pages\/135\/revisions\/164"}],"wp:attachment":[{"href":"https:\/\/puntadelgallo.cl\/index.php\/wp-json\/wp\/v2\/media?parent=135"}],"curies":[{"name":"wp","href":"https:\/\/api.w.org\/{rel}","templated":true}]}}