{"id":144,"date":"2023-06-14T00:12:30","date_gmt":"2023-06-14T04:12:30","guid":{"rendered":"http:\/\/puntadelgallo.cl\/?page_id=144"},"modified":"2023-06-14T00:12:30","modified_gmt":"2023-06-14T04:12:30","slug":"acta-de-la-asamblea-realizada-el-20-de-febrero-de-2021","status":"publish","type":"page","link":"https:\/\/puntadelgallo.cl\/index.php\/acta-de-la-asamblea-realizada-el-20-de-febrero-de-2021\/","title":{"rendered":"Acta de la asamblea realizada el 20 de febrero de 2021"},"content":{"rendered":"\n<p><strong>Directiva:<br>Patricio Casanueva &#8211; Presidente<br>Magdalena Balcells &#8211; Tesorera<br>Carlos Porter &#8211; Secretario<\/strong><\/p>\n\n\n\n<p><strong>Asiste como colaborador:<br>Oscar Riffo &#8211; Administrador<\/strong><\/p>\n\n\n\n<p>A las 10:32 hrs. se da inicio a la primera asamblea del a\u00f1o 2021 en car\u00e1cter digital, v\u00eda Zoom.<br>Se inicia con 33 Conexiones activas.<\/p>\n\n\n\n<p><strong>Patricio Casanueva<\/strong>&nbsp;Presidente Comunidad OCF Punta del Gallo da Inicio, espresa sus agradecimientos y efect\u00faa una introducci\u00f3n<\/p>\n\n\n\n<p><strong>Temario General de la Asamblea :<\/strong><\/p>\n\n\n\n<ol class=\"wp-block-list\">\n<li>Estado financiero y situaci\u00f3n actual<\/li>\n\n\n\n<li>&nbsp;Actividades realizadas<\/li>\n\n\n\n<li>&nbsp;Estado de los caminos y obras<\/li>\n\n\n\n<li>&nbsp;Canales de comunicaci\u00f3n<\/li>\n\n\n\n<li>&nbsp;Preguntas y sugerencias<\/li>\n\n\n\n<li>&nbsp;Cierre<\/li>\n<\/ol>\n\n\n\n<p><strong>Punto 1 &#8211; Estado financiero<\/strong><br>Magdalena Balcells<br>Presenta Oscar Riffo<br>*Detalles de cifras y estados financieros expuestos en el PDF que se adjunta a este reporte<\/p>\n\n\n\n<p><strong>Temas expuestos:<\/strong><\/p>\n\n\n\n<ul class=\"wp-block-list\">\n<li>Aumento de vecinos que se traslada a PDG como primer domicilio, lo que implica nuevos ajustes y mayor uso de caminos y servicios.<\/li>\n\n\n\n<li>Pago de los GGCC: se expresa el inter\u00e9s de algunos miembros en saber qui\u00e9nes habiendo&nbsp;aceptado participar de la comunidad, se encuentran a\u00fan con retrasos en sus pagos.<\/li>\n\n\n\n<li>Los GGCC mantienen el monto pactado el a\u00f1o pasado de $ 360.000 al a\u00f1o.<\/li>\n\n\n\n<li>Existe una modalidad de prontopago: si se paga el total del GGC antes del 1 de Abril se&nbsp;descuenta un mes, quedando el GGCC anual en $ 330.000.<\/li>\n\n\n\n<li>Flexibilidad en 12 cuotas a trav\u00e9s de transferencia bancaria o con menor frecuencia seg\u00fan&nbsp;la comodidad de cada vecino miembro de la comunidad.<\/li>\n\n\n\n<li>Se incorpora tambi\u00e9n un nuevo sistema de pago digital que se llama FLOW el que permite&nbsp;pagar v\u00eda tarjeta de cr\u00e9dito o webpay. M\u00e9todo disponible en nuestra p\u00e1gina web&nbsp;(https:\/\/ocfpuntadelgallo.weebly.com\/ ) .<\/li>\n\n\n\n<li>Se recuerda en el caso de cualquier vecino que est\u00e9 con problemas para cancelar sus GGCC,&nbsp;acercarse a la directiva para evaluar el caso de manera particular.<\/li>\n<\/ul>\n\n\n\n<p><strong>Resumen montos cuotas GGCC :<\/strong><br>Parcelas construidas :&nbsp; &nbsp; &nbsp; &nbsp; &nbsp; &nbsp;$ 360.000<br>Parcelas en construcci\u00f3n :&nbsp; &nbsp; $ 360.000<br>Parcelas sin construcci\u00f3n :&nbsp; &nbsp;$ 100.000<\/p>\n\n\n\n<p><strong>Pronto Pago<\/strong><br>Parcelas construidas :&nbsp; &nbsp; &nbsp; &nbsp; &nbsp; &nbsp;$ 330.000<br>Parcelas en construcci\u00f3n :&nbsp; &nbsp; $ 330.000<br>Parcelas sin construcci\u00f3n :&nbsp; &nbsp;$&nbsp; &nbsp;80.000<\/p>\n\n\n\n<p><strong>Resumen del a\u00f1o 2020:<\/strong><br>De 120 Parcelas, pagaron 81 y hay pendientes de pago 39<\/p>\n\n\n\n<p>Saldo inicial Cta.Cte. (al 1.1.2020) :&nbsp; &nbsp; &nbsp; &nbsp; &nbsp; $ 2.249.760<br>Total egresos a\u00f1o 2020 :&nbsp; &nbsp; &nbsp; &nbsp; &nbsp; &nbsp; &nbsp; &nbsp; &nbsp; &nbsp; &nbsp; &nbsp; &nbsp; $ 27.358.009<br>Total Ingresos a\u00f1o 2020 :&nbsp; &nbsp; &nbsp; &nbsp; &nbsp; &nbsp; &nbsp; &nbsp; &nbsp; &nbsp; &nbsp; &nbsp; &nbsp;$ 28.685.531<br>Saldo final cta. Cte. (al 31.12.2020) :&nbsp; &nbsp; &nbsp; &nbsp; $ 3.577.282<br>Saldo actual Cta.Cte A\u00f1o 2021 :&nbsp; &nbsp; &nbsp; &nbsp; &nbsp; &nbsp; $ 5.384.622<\/p>\n\n\n\n<p><strong>Punto 2 &#8211; Actividades desarrolladas<\/strong><br>Presenta Oscar Riffo<br>Detalle de actividades expuestas en la presentaci\u00f3n adjunta.<\/p>\n\n\n\n<p><strong>Iniciativas e ideas relacionadas.<\/strong><\/p>\n\n\n\n<ul class=\"wp-block-list\">\n<li>Tema de recepci\u00f3n de encomiendas en Porter\u00eda:&nbsp;soluci\u00f3n la creaci\u00f3n de un \u00e1rea de&nbsp;recepci\u00f3n sin manipulaci\u00f3n del personal de porter\u00eda.<\/li>\n\n\n\n<li>Servicio de apertura de port\u00f3n v\u00eda tel\u00e9fono celular:&nbsp;Evaluaci\u00f3n aumento de cupos ya que actualmente tenemos una disponibilidad de 400&nbsp;n\u00fameros para un total de 120 miembros de la comunidad, con un m\u00e1ximo de 2 n\u00fameros&nbsp;por parcela inscrita.&nbsp;Muchas personas no han inscrito sus n\u00fameros a\u00fan para operar este sistema, para eso la&nbsp;solicitud es a trav\u00e9s de Oscar Riffo y con los GGCC al d\u00eda<\/li>\n\n\n\n<li>Se expone el problema de la necesidad de internet para una comunidad que crece y que en&nbsp;muchos casos necesita ese servicio para trabajar, se solicita que la directiva eval\u00fae alguna&nbsp;soluci\u00f3n comunitaria referente a este punto.<\/li>\n\n\n\n<li>Se expresa preocupaci\u00f3n por el aumento de cables y luces exteriores que afectan el paisaje&nbsp;nocturno (estrellas, luna, etc ) solicitando un uso controlado de las luminarias exteriores.<\/li>\n\n\n\n<li>Vicky Flores refuerza el problema del agua, los eucaliptos y pinos, invita a privilegiar las&nbsp;especies nativas y suculentas para un mejor desempe\u00f1o.<\/li>\n\n\n\n<li>Se comenta en el chat temas asociados a las alturas de los pinos, por resguardo a la vista de&nbsp;los vecinos.<\/li>\n\n\n\n<li>Tema del retiro de descartes de jard\u00edn.&nbsp;Alternativa de proveedor con cami\u00f3n de barandas altas, Alberto Balcells compartir\u00e1 el&nbsp;contacto, dado su precio competitivo.&nbsp;Alternativa de comprar una chipeadora comunitaria para la reducci\u00f3n del material de&nbsp;descarte de jardines. En La Boca existe una. Se evaluar\u00e1 alguna soluci\u00f3n para presentar a la&nbsp;comunidad.<\/li>\n\n\n\n<li>M\u00e1s del 80% de los desperdicios que se generan en el d\u00eda a d\u00eda son org\u00e1nicos, se recomienda&nbsp;el uso de composteras ya que permiten disminuir la cantidad de material que se va a los&nbsp;servicios de basura y estos pueden ser transformados en nutrientes que ayudan a los&nbsp;jardines y a recuperar la tierra.<\/li>\n\n\n\n<li>Se realiz\u00f3 una encuesta del estado de los pozos con una participaci\u00f3n de 33 vecinos, en&nbsp;paralelo se entrevist\u00f3 a Cesar Rojas due\u00f1o de Master Drilling quien nos coment\u00f3 que bajo&nbsp;su mirada y experiencia, en la zona no hay mayores problemas de escases h\u00eddrica, salvo en&nbsp;determinados lugares.<\/li>\n\n\n\n<li>Se incorpora la sugerencia de hacer mejoras en la est\u00e9tica de la porter\u00eda.&nbsp;Giovanni Sanguedolce : \u00a8Una propuesta para que evaluemos en conjunto. Me parece que&nbsp;ser\u00eda interesante mejorar la est\u00e9tica de entrada a Punta del Gallo. Podr\u00edamos comenzar con&nbsp;2 pilares de madera a los lados del port\u00f3n unido en la parte superior con un cartel de madera&nbsp;que indique Punta del Gallo. Tambi\u00e9n podr\u00edamos delimitar parte del frente de la caseta de&nbsp;porter\u00eda con un bonito cerco de madera y finalmente plantar algunos \u00e1rboles paralelos a la&nbsp;entrada. Quiz\u00e1s estas modificaciones de bajo costo, le den a la entrada una mejor&nbsp;apariencia\u00a8.&nbsp;Varios vecinos les gusta la propuesta y est\u00e1n dispuestos a colaborar.<\/li>\n\n\n\n<li>In\u00e9s Mardones : Agrega preocupaci\u00f3n por las mascotas, vacunas y agrega el tema de los&nbsp;murci\u00e9lagos por la transmisi\u00f3n de la rabia. Ella se compromete a compartir m\u00e1s informaci\u00f3n&nbsp;al respecto.<\/li>\n\n\n\n<li>Camilo Herrera : sugiere poner en la web un plano con los nombres y el n\u00famero de parcela&nbsp;de los propietarios de PDG. Se est\u00e1 trabajando en ello, con un plano de detallado de&nbsp;caminos, calles y senderos.<\/li>\n<\/ul>\n\n\n\n<p><strong>Punto 3 &#8211; Estado de los caminos<\/strong><br>Presenta Jorge Err\u00e1zuriz<\/p>\n\n\n\n<p>En resumen : los trabajos realizados han sido eficientes desde el punto de vista costo y han&nbsp;permitido tener mejoras considerables en los caminos versus a\u00f1os anteriores a pesar del&nbsp;clima del a\u00f1o pasado. Se requiere, para que se preserven los trabajos y sea eficiente la&nbsp;inversi\u00f3n que cada a\u00f1o hacemos: control de velocidad que no supere los 30 Km x hora en&nbsp;todo el territorio que comprende el fundo PDG. Lo mismo advertir y controlar a visitas y&nbsp;proveedores de servicios.<br>Se solicita volver a demarcar los lomos de toro con postes y pintura para mejorar la&nbsp;se\u00f1al\u00e9tica.<br>Algunos vecinos detallan zonas que requieren mejoras, Jorge Err\u00e1zuriz toma nota para&nbsp;incluirlo en los pr\u00f3ximos trabajos.<br>Jorge agrega que lo que viene ahora, es un trabajo que requiere incorporar materiales lo&nbsp;que representa un gasto que debemos proyectar para este a\u00f1o.&nbsp;En el chat se agradece el trabajo destacado de Jorge.<\/p>\n\n\n\n<p>Inversi\u00f3n total en caminos 2019 $ 2.431.729<br>Inversi\u00f3n total en caminos 2020 $ 1.545.701<\/p>\n\n\n\n<p><strong>Punto 4 &#8211; Canales de comunicaci\u00f3n<\/strong><br>Presenta Oscar Riffo<br>\u200b<br>Informaci\u00f3n detallada en la presentaci\u00f3n compartida.<br>Sitio web de la comunidad:&nbsp;www.ocfpuntadelgallo.weebly.com\/<br>Clave : GalloOCF<\/p>\n\n\n\n<p>Correo porter\u00eda: anuncio de visitas, consultas generales&nbsp;ocfpuntadelgallo@gmail.com<br>Correo administraci\u00f3n: GGCC, otros&nbsp;tesoreriapuntadelgallo@gmail.com&nbsp;<\/p>\n\n\n\n<p><strong>Punto 5 &#8211; Cierre<\/strong><br>Presenta Carlos Porter<\/p>\n\n\n\n<p>Agradecimientos por participaci\u00f3n: 44 conexi\u00f3n efectivas.<br>Invitaci\u00f3n a participar activamente en las iniciativas que se vayan dando.<br>Usar los canales de comunicaci\u00f3n para informaci\u00f3n y participaci\u00f3n.<br>Se incorpora Hamish Wood en la directiva<br>Concluye la asamblea siendo las 12:40 hrs.<br>Se enviar\u00e1 la informaci\u00f3n por escrito con los puntos relevantes tratados.<\/p>\n\n\n\n<p>T\u00e9rmino de reuni\u00f3n: 12:45 aprox.<\/p>\n\n\n\n<p><strong>Carlos Porter<\/strong><br>Secretario OCF Punta del Gallo<\/p>\n","protected":false},"excerpt":{"rendered":"<p>Directiva:Patricio Casanueva &#8211; PresidenteMagdalena Balcells &#8211; TesoreraCarlos Porter &#8211; Secretario Asiste como colaborador:Oscar Riffo &#8211; Administrador A las 10:32 hrs. se da inicio a la primera asamblea del a\u00f1o 2021 en car\u00e1cter digital, v\u00eda Zoom.Se inicia con 33 Conexiones activas. Patricio Casanueva&nbsp;Presidente Comunidad OCF Punta del Gallo da Inicio, espresa sus agradecimientos y efect\u00faa una&#8230;<\/p>\n","protected":false},"author":2,"featured_media":0,"parent":0,"menu_order":0,"comment_status":"closed","ping_status":"closed","template":"","meta":{"_kad_post_transparent":"","_kad_post_title":"","_kad_post_layout":"","_kad_post_sidebar_id":"","_kad_post_content_style":"","_kad_post_vertical_padding":"","_kad_post_feature":"","_kad_post_feature_position":"","_kad_post_header":false,"_kad_post_footer":false,"_kad_post_classname":"","footnotes":""},"class_list":["post-144","page","type-page","status-publish","hentry"],"_links":{"self":[{"href":"https:\/\/puntadelgallo.cl\/index.php\/wp-json\/wp\/v2\/pages\/144","targetHints":{"allow":["GET"]}}],"collection":[{"href":"https:\/\/puntadelgallo.cl\/index.php\/wp-json\/wp\/v2\/pages"}],"about":[{"href":"https:\/\/puntadelgallo.cl\/index.php\/wp-json\/wp\/v2\/types\/page"}],"author":[{"embeddable":true,"href":"https:\/\/puntadelgallo.cl\/index.php\/wp-json\/wp\/v2\/users\/2"}],"replies":[{"embeddable":true,"href":"https:\/\/puntadelgallo.cl\/index.php\/wp-json\/wp\/v2\/comments?post=144"}],"version-history":[{"count":1,"href":"https:\/\/puntadelgallo.cl\/index.php\/wp-json\/wp\/v2\/pages\/144\/revisions"}],"predecessor-version":[{"id":145,"href":"https:\/\/puntadelgallo.cl\/index.php\/wp-json\/wp\/v2\/pages\/144\/revisions\/145"}],"wp:attachment":[{"href":"https:\/\/puntadelgallo.cl\/index.php\/wp-json\/wp\/v2\/media?parent=144"}],"curies":[{"name":"wp","href":"https:\/\/api.w.org\/{rel}","templated":true}]}}