{"id":1709,"date":"2024-10-24T22:55:37","date_gmt":"2024-10-25T02:55:37","guid":{"rendered":"https:\/\/puntadelgallo.cl\/?page_id=1709"},"modified":"2024-10-24T22:55:37","modified_gmt":"2024-10-25T02:55:37","slug":"2024-04-02-minuta-de-reunion-de-directorio","status":"publish","type":"page","link":"https:\/\/puntadelgallo.cl\/index.php\/2024-04-02-minuta-de-reunion-de-directorio\/","title":{"rendered":"2024 04 02 Minuta de reuni\u00f3n de Directorio"},"content":{"rendered":"\n<p>Asisten: Hamish Wood, Oscar Riffo, Jorge Err\u00e1zuriz y\u00a0 Jonny Heiss.<\/p>\n\n\n\n<ul class=\"wp-block-list\">\n<li>HW informa que el jueves 28\/03\/2024 se dio t\u00e9rmino el uso de los controles remotos.<\/li>\n\n\n\n<li>Hay gente que debe el pago de los gastos comunes y quiere usar la aplicaci\u00f3n, lo que es bueno para nosotros, porque as\u00ed se van a poner al d\u00eda. Un caso particular es el de Manuel Esp\u00edndola, que debe 6 a\u00f1os. Se acuerda proponerle que pague los 2 \u00faltimos a\u00f1os, 2022 y 2023, y con eso se le borra la deuda anterior. Luego deber\u00e1 pagar el 2024 durante el a\u00f1o.<\/li>\n\n\n\n<li>OR informa que hay 2 socios nuevos.<\/li>\n\n\n\n<li>JE ha estado estudiando la colocaci\u00f3n de 2 tubos de evacuaci\u00f3n de aguas lluvias: uno en la zona de la porter\u00eda y el otro en la zona de la \u201cY\u201d. Esto significar\u00e1 cortar el tr\u00e1nsito durante algunas horas. Se intentar\u00e1 hacer un paso por el costado con la retroexcavadora.<\/li>\n\n\n\n<li>Operaci\u00f3n KK: venci\u00f3 ayer el plazo para la inscripci\u00f3n. Van 16 inscritos. Se va a extender el plazo por 2 semanas para tratar de juntar unas 25 personas. La idea es que la gente pague antes porque hubo problemas la \u00faltima vez.<\/li>\n\n\n\n<li>Estatutos: en la \u00faltima Asamblea se habl\u00f3 de votar para aprobar en forma p\u00fablica (por ejemplo, en octubre) la propuesta de alza de gastos comunes de cada a\u00f1o, en base a una proyecci\u00f3n de gastos. Para esto, se har\u00e1 una modificaci\u00f3n a los estatutos que norme esto. El qu\u00f3rum para la aprobaci\u00f3n ser\u00eda de 2\/3. Antes es necesario limpiar la base de datos y ordenar algunos temas. Por ejemplo la situaci\u00f3n de 2 casas en una parcela, en la que ambos \u00a0pagan gastos comunes, cada una por separado. Deber\u00eda haber 2 votos, es decir, asociar los votos a los pagadores de gastos comunes.<\/li>\n\n\n\n<li>En relaci\u00f3n con las visitas de la Punta del Gallo hacia el Rosario y La Boca y viceversa. Est\u00e1 claro que la intenci\u00f3n es que los ingresos est\u00e9n permitidos, pero falta que se implemente el mecanismo. La idea es que los vecinos est\u00e9n registrados en una lista de copropietarios actualizada. OR va a redactar un protocolo.<\/li>\n\n\n\n<li>Hay un vecino que ofreci\u00f3 baldes para entregar 3 a cada vecino con arena como medida preventiva pata extinguir fuego.<\/li>\n\n\n\n<li>JH propone trabajar con OR en formalizar los nombres de las calles ante la municipalidad Casablanca. Previamente, habr\u00eda que verlo con la familia Rojas.<\/li>\n\n\n\n<li>JE comenta que hay un proyecto de desarrollo, un loteo, cerca de la porter\u00eda de La Boca, que es preocupante. Tenemos poca informaci\u00f3n. Es importante averiguar m\u00e1s del proyecto y de su impacto en el resto. OR averiguar\u00e1 m\u00e1s.<\/li>\n\n\n\n<li>Hay una reuni\u00f3n pendiente de la familia Rojas con la Directiva de la OCF para ver el tema de la Casa de la Porter\u00eda. Los propietarios son la familia Rojas y la idea es hacer un documento (\u00bfcomodato?) para entregar la casa de la porter\u00eda en usufructo a la administraci\u00f3n de la OCF. La idea ser\u00eda habilitar distintos recintos de la casa para uso comunitario. Algunas ideas: contar con una sala de reuniones, una oficina para el administrador, una enfermer\u00eda, ba\u00f1os (para uso de algunos externos como carabineros, por ejemplo), etc.<\/li>\n<\/ul>\n","protected":false},"excerpt":{"rendered":"<p>Asisten: Hamish Wood, Oscar Riffo, Jorge Err\u00e1zuriz y\u00a0 Jonny Heiss.<\/p>\n","protected":false},"author":2,"featured_media":0,"parent":0,"menu_order":0,"comment_status":"closed","ping_status":"closed","template":"","meta":{"_kad_post_transparent":"","_kad_post_title":"","_kad_post_layout":"","_kad_post_sidebar_id":"","_kad_post_content_style":"","_kad_post_vertical_padding":"","_kad_post_feature":"","_kad_post_feature_position":"","_kad_post_header":false,"_kad_post_footer":false,"_kad_post_classname":"","footnotes":""},"class_list":["post-1709","page","type-page","status-publish","hentry"],"_links":{"self":[{"href":"https:\/\/puntadelgallo.cl\/index.php\/wp-json\/wp\/v2\/pages\/1709","targetHints":{"allow":["GET"]}}],"collection":[{"href":"https:\/\/puntadelgallo.cl\/index.php\/wp-json\/wp\/v2\/pages"}],"about":[{"href":"https:\/\/puntadelgallo.cl\/index.php\/wp-json\/wp\/v2\/types\/page"}],"author":[{"embeddable":true,"href":"https:\/\/puntadelgallo.cl\/index.php\/wp-json\/wp\/v2\/users\/2"}],"replies":[{"embeddable":true,"href":"https:\/\/puntadelgallo.cl\/index.php\/wp-json\/wp\/v2\/comments?post=1709"}],"version-history":[{"count":1,"href":"https:\/\/puntadelgallo.cl\/index.php\/wp-json\/wp\/v2\/pages\/1709\/revisions"}],"predecessor-version":[{"id":1710,"href":"https:\/\/puntadelgallo.cl\/index.php\/wp-json\/wp\/v2\/pages\/1709\/revisions\/1710"}],"wp:attachment":[{"href":"https:\/\/puntadelgallo.cl\/index.php\/wp-json\/wp\/v2\/media?parent=1709"}],"curies":[{"name":"wp","href":"https:\/\/api.w.org\/{rel}","templated":true}]}}