{"id":1986,"date":"2025-12-08T12:43:27","date_gmt":"2025-12-08T16:43:27","guid":{"rendered":"https:\/\/puntadelgallo.cl\/?page_id=1986"},"modified":"2025-12-08T12:43:27","modified_gmt":"2025-12-08T16:43:27","slug":"2025-12-02-minuta-reunion-directiva-ocf","status":"publish","type":"page","link":"https:\/\/puntadelgallo.cl\/index.php\/2025-12-02-minuta-reunion-directiva-ocf\/","title":{"rendered":"2025 12 02 Minuta reuni\u00f3n directiva OCF"},"content":{"rendered":"\n<p>Asisten: Andr\u00e9s de la Sotta, J\u00fcrgen Weller, Carolina Torrej\u00f3n, Jonny Heiss, Oscar Riffo.<\/p>\n\n\n\n<ol class=\"wp-block-list\">\n<li>OR habl\u00f3 con Alfredo Rojas para que autorice el acceso al camino que va hacia la cantera, pero se neg\u00f3 a hacerlo y anunci\u00f3 que en el futuro tambi\u00e9n cerrar\u00eda el acceso norte a este camino. S\u00ed se comprometi\u00f3 a abrir el paso del curso del agua hacia la quebrada.<\/li>\n\n\n\n<li>P\u00e1gina web: CT coment\u00f3 el contenido del rubro \u201cQuienes somos\u201d y sugerir\u00eda algunas modificaciones.<\/li>\n\n\n\n<li>Plaza de juegos y encuentro: Se realiz\u00f3 (con participaci\u00f3n de JH, OR y JW) una videoconferencia con el grupo de trabajo y se present\u00f3 una nueva opci\u00f3n de la ubicaci\u00f3n de la plaza. OR y Alfredo Rojas fueron a revisar este lugar. AR estar\u00eda de acuerdo para que la comunidad utilice este espacio, pero tendr\u00e1 que consultar a sus hermanas. JW preparar\u00e1 un borrador para un texto informativo para la comunidad, JH har\u00e1 un croquis 3D sobre el posible dise\u00f1o de la plaza. Una vez recibido el v.b. de la familia Rojas la directiva informar\u00e1 al grupo de trabajo y posteriormente a la comunidad. Se abrir\u00e1 un espacio de 2 semanas para la discusi\u00f3n de la propuesta en el blog de la p\u00e1gina web (el cual, de esta manera, se dar\u00e1 a conocer) y despu\u00e9s se pondr\u00e1 la propuesta (con posibles modificaciones) a la votaci\u00f3n entre los afiliados de la OCF.<\/li>\n\n\n\n<li>Zona estanques: OR solicit\u00f3 una reuni\u00f3n con el director de la DOM, a trav\u00e9s de la ley de lobby. A\u00fan despu\u00e9s de insistir todav\u00eda no hay respuesta formal, pero se anunci\u00f3 que la recibir\u00e1 pr\u00f3ximamente.<\/li>\n\n\n\n<li>Inicio de actividades: la escritura p\u00fablica est\u00e1 lista, con lo cual OR, con apoyo de JH lo tramitar\u00e1 en el SII.<\/li>\n\n\n\n<li>Inversi\u00f3n en fondos mutuos: Est\u00e1 listo el mandato, de manera que AdlS tramitar\u00e1 una inversi\u00f3n de 5 millones de pesos en un instrumento de bajo riesgo.<\/li>\n\n\n\n<li>Morosos: OR envi\u00f3 un texto a JW y, despu\u00e9s de recibir comentarios, con base en la informaci\u00f3n de inicios de diciembre lo mandar\u00e1 a l@s vecin@s que no han hecho pagos en el transcurso del a\u00f1o.<\/li>\n\n\n\n<li>Fosas: JW contrat\u00f3 un servicio recientemente y compartir\u00e1 la informaci\u00f3n correspondiente con OR quien evaluar\u00e1 si es una opci\u00f3n atractiva.<\/li>\n\n\n\n<li>Escombros voluminosos y cachureo: OR evaluar\u00e1 si el 20.12. es una fecha factible para Luis Benavides para ofrecer este servicio y \u2013 en caso de que sea as\u00ed \u2013 informar\u00e1 a la comunidad de esta opci\u00f3n para ver si hay inter\u00e9s.<\/li>\n\n\n\n<li>Chip Entel: se tramit\u00f3 la portabilidad al nuevo chip de ENTEL, manteni\u00e9ndose el n\u00famero anterior.<\/li>\n\n\n\n<li>Proyecto de ruta al Barco: AdlS habl\u00f3 con Patricio Casanueva y hay una opci\u00f3n de llegar a la playa por medio de un sendero que pasa por la antigua casa del \u201cPata de Fierro\u201d. AdlS hablar\u00e1 con la familia Rojas, dado que este sendero pasar\u00eda, en parte, por su terreno<\/li>\n\n\n\n<li>Contribuciones: No hay novedades respecto a la anunciada ordenanza de la Municipalidad sobre los cobros para el retiro de basura.<\/li>\n\n\n\n<li>Se incorpor\u00f3 la Junta de vecinos de Tunqu\u00e9n al chat de las directivas de la zona, lo que facilita la comunicaci\u00f3n sobre asuntos de inter\u00e9s com\u00fan (seguridad, incendio).<\/li>\n\n\n\n<li>Control de incendios: Hubo un incendio en la quebrada detr\u00e1s de la capilla de Tunqu\u00e9n. OR averiguar\u00e1 si las diferentes organizaciones y vecinos de la zona volver\u00e1n a contratar un motorista que circular\u00eda en la zona para informar de incidentes, incendios etc. y ofrecer ayuda en caso de que se requiera (igual que durante el verano pasado).<\/li>\n\n\n\n<li>Sistema de backup del port\u00f3n: Se compr\u00f3 una nueva bater\u00eda. OR la retirar\u00e1 y consultar\u00e1 a Giovanni Sanguedolce si la puede instalar.<\/li>\n\n\n\n<li>Caminos: Aparentemente no se puede utilizar el maicillo ofrecido como donaci\u00f3n por una vecina, debido a su contaminaci\u00f3n. OR consultar\u00e1 a Jorge Err\u00e1zuriz al respecto. El camino del Vado est\u00e1 en malas condiciones y, en vista de que ya se excedi\u00f3 el presupuesto para el arreglo de caminos, OR estimar\u00e1 los gastos pendientes para el actual ejercicio (hasta febrero de 2026), para que la directiva pueda decidir si se puede hacer el arreglo correspondiente a la brevedad o si hay que esperar el pr\u00f3ximo ejercicio. OR revisar\u00e1 si los lomos de toro reci\u00e9n instalados, sobre todo para el manejo de las aguas lluvias, que fueron intervenidos recientemente en el contexto de una nueva construcci\u00f3n, siguen cumpliendo su cometido o si hay que hacer correcciones.<\/li>\n\n\n\n<li>Poda de pinos en acceso de bajadas: OR organiz\u00f3 la poda de los \u00e1rboles en el camino hacia la bajada de Las Rocas. Los vecinos correspondientes asumieron el costo.<\/li>\n\n\n\n<li>Botiqu\u00edn porter\u00eda: OR comprar\u00e1 los medicamentos para reemplazar a los vencidos e informar\u00e1 a la comunidad de este botiqu\u00edn y su contenido.<\/li>\n\n\n\n<li>Aplicaci\u00f3n DAPTA: Si bien no ha habido problemas generales, todav\u00eda no se ha podido solucionar los que afectan a JH. Junto con OR lo ver\u00e1 directamente con el soporte de la empresa.<\/li>\n\n\n\n<li>Perros: CT prepar\u00f3 la propuesta para un volante sobre el manejo responsable de perros en PdG. OR le dar\u00e1 un dise\u00f1o y se repartir\u00e1 entre vecinos y arrendatarios.<\/li>\n\n\n\n<li>JW coment\u00f3 que el sendero del Sol est\u00e1 en mal estado, con algunos aspectos que representan peligros. OR lo revisar\u00e1 y pedir\u00e1 presupuestos.<\/li>\n\n\n\n<li>Cecilia Contador ha elaborado una propuesta para plantar unos \u00e1rboles y un sistema de riego en el tri\u00e1ngulo entre los caminos El Boldo, El Vado, El Mait\u00e9n. JW enviar\u00e1 la informaci\u00f3n correspondiente a la directiva para su revisi\u00f3n (en caso de aprobaci\u00f3n se implementar\u00eda durante el pr\u00f3ximo invierno).<\/li>\n\n\n\n<li>JW particip\u00f3 en una videoconferencia organizada por la Fundaci\u00f3n Sara Hern\u00e1ndez (a cargo del humedal de la Playa Grande) y la OCF de La Boca. Inform\u00f3 que en ella se discutieron las opciones para dar acceso al humedal desde La Boca para personal con movilidad restringida (por edad o alguna discapacidad).<\/li>\n<\/ol>\n","protected":false},"excerpt":{"rendered":"<p>Asisten: Andr\u00e9s de la Sotta, J\u00fcrgen Weller, Carolina Torrej\u00f3n, Jonny Heiss, Oscar Riffo.<\/p>\n","protected":false},"author":2,"featured_media":0,"parent":0,"menu_order":0,"comment_status":"closed","ping_status":"closed","template":"","meta":{"_kad_post_transparent":"","_kad_post_title":"","_kad_post_layout":"","_kad_post_sidebar_id":"","_kad_post_content_style":"","_kad_post_vertical_padding":"","_kad_post_feature":"","_kad_post_feature_position":"","_kad_post_header":false,"_kad_post_footer":false,"_kad_post_classname":"","footnotes":""},"class_list":["post-1986","page","type-page","status-publish","hentry"],"_links":{"self":[{"href":"https:\/\/puntadelgallo.cl\/index.php\/wp-json\/wp\/v2\/pages\/1986","targetHints":{"allow":["GET"]}}],"collection":[{"href":"https:\/\/puntadelgallo.cl\/index.php\/wp-json\/wp\/v2\/pages"}],"about":[{"href":"https:\/\/puntadelgallo.cl\/index.php\/wp-json\/wp\/v2\/types\/page"}],"author":[{"embeddable":true,"href":"https:\/\/puntadelgallo.cl\/index.php\/wp-json\/wp\/v2\/users\/2"}],"replies":[{"embeddable":true,"href":"https:\/\/puntadelgallo.cl\/index.php\/wp-json\/wp\/v2\/comments?post=1986"}],"version-history":[{"count":1,"href":"https:\/\/puntadelgallo.cl\/index.php\/wp-json\/wp\/v2\/pages\/1986\/revisions"}],"predecessor-version":[{"id":1987,"href":"https:\/\/puntadelgallo.cl\/index.php\/wp-json\/wp\/v2\/pages\/1986\/revisions\/1987"}],"wp:attachment":[{"href":"https:\/\/puntadelgallo.cl\/index.php\/wp-json\/wp\/v2\/media?parent=1986"}],"curies":[{"name":"wp","href":"https:\/\/api.w.org\/{rel}","templated":true}]}}